{"id":98,"date":"2013-04-29T23:42:27","date_gmt":"2013-04-29T21:40:27","guid":{"rendered":"http:\/\/www.caritas-su.org.rs\/?page_id=98"},"modified":"2016-02-04T14:06:33","modified_gmt":"2016-02-04T13:06:33","slug":"szabadka","status":"publish","type":"page","link":"https:\/\/www.caritas-su.org.rs\/?page_id=98","title":{"rendered":"Szabadka"},"content":{"rendered":"<p><span style=\"font-size: 18pt;\"><strong>Besz\u00e1mol\u00f3 a Caritas Szabadka tev\u00e9kenys\u00e9g\u00e9r\u0151l 2015-ben.<\/strong><\/span><\/p> <p>2015-ben a Caritas Szabadka a k\u00f6vetkez\u0151 ter\u00fcleteken tev\u00e9kenykedett:<\/p> <ul> <li>Id\u0151sek ell\u00e1t\u00e1sa, Szabadk\u00e1n, Kanizs\u00e1n, Kishegyesen \u00e9s Zent\u00e1n<\/li> <li>Caritas-Club tev\u00e9kenys\u00e9ge \u2013 Hajl\u00e9ktalanok ell\u00e1t\u00e1sa<\/li> <li>Id\u0151sek \u00e9s betegek sz\u00e1ll\u00edt\u00e1sa<\/li> <li>Menek\u00fcltek \u00e9s migr\u00e1nsok ell\u00e1t\u00e1sa<\/li> <li>Nyelvoktat\u00e1s?<\/li> <li>Pl\u00e9b\u00e1niai Caritas-csoportok anim\u00e1l\u00e1sa<\/li> <li>Katasztr\u00f3fa-vesz\u00e9ly cs\u00f6kkent\u00e9se<\/li> <li>Szeg\u00e9nys\u00e9gelleni k\u00fczdelem<\/li> <li>K\u00f3rh\u00e1zi \u00e1gyak, tol\u00f3kocsik, \u00e9s m\u00e1s seg\u00e9deszk\u00f6z\u00f6k k\u00f6lcs\u00f6nz\u00e9se<\/li> <li>Meghallgat\u00f3 k\u00f6zpont<\/li> <\/ul> <p><strong>1 \u00a0\u00a0\u00a0\u00a0\u00a0\u00a0 Id\u0151sek ell\u00e1t\u00e1sa<\/strong><\/p> <p>A \u201eh\u00e1zi kiseg\u00edt\u00e9s \u00e9s alapvet\u0151 \u00e1pol\u00e1s\u201d szolg\u00e1lat k\u00f6zpontja Szabadka. Kihelyezett munkacsoportok tev\u00e9kenykedtek m\u00e9g Kanizs\u00e1n, Kishegyesen \u00e9s Zent\u00e1n. A szolg\u00e1latot a v\u00e1rosi korm\u00e1nyzat \u00e9s a k\u00f6zs\u00e9gi \u00f6nkorm\u00e1nyzatok finansz\u00edrozzt\u00e1k.<\/p> <p>Havonta a k\u00f6vetkez\u0151 adatok t\u00fckr\u00f6zik a tev\u00e9kenys\u00e9get:<\/p> <p>Munkat\u00e1rs\u00a0\u00a0\u00a0 gondozott\u00a0\u00a0\u00a0\u00a0 l\u00e1togat\u00e1s\u00a0\u00a0\u00a0\u00a0\u00a0 szolg\u00e1ltat\u00e1s<\/p> <p>Kanizs\u00e1n\u00a0\u00a0\u00a0\u00a0\u00a0 10\u00a0\u00a0\u00a0\u00a0\u00a0\u00a0\u00a0\u00a0\u00a0\u00a0\u00a0\u00a0\u00a0\u00a0\u00a0 177\u00a0\u00a0\u00a0\u00a0\u00a0\u00a0\u00a0\u00a0\u00a0\u00a0\u00a0\u00a0\u00a0 885\u00a0\u00a0\u00a0\u00a0\u00a0\u00a0\u00a0\u00a0\u00a0\u00a0\u00a0\u00a0\u00a0 4680<\/p> <p>Kishegyesen \u00a0 3\u00a0\u00a0\u00a0\u00a0\u00a0\u00a0\u00a0\u00a0\u00a0\u00a0\u00a0\u00a0\u00a0\u00a0\u00a0 \u00a0 60\u00a0\u00a0\u00a0\u00a0\u00a0\u00a0\u00a0\u00a0\u00a0\u00a0\u00a0\u00a0\u00a0 313\u00a0\u00a0\u00a0\u00a0\u00a0\u00a0\u00a0\u00a0\u00a0\u00a0\u00a0\u00a0\u00a0 \u00a0 973<\/p> <p>Zent\u00e1n\u00a0\u00a0\u00a0\u00a0\u00a0\u00a0\u00a0\u00a0 \u00a0 4\u00a0\u00a0\u00a0\u00a0\u00a0\u00a0\u00a0\u00a0\u00a0\u00a0\u00a0\u00a0\u00a0\u00a0\u00a0 \u00a0 76\u00a0\u00a0\u00a0\u00a0\u00a0\u00a0\u00a0\u00a0\u00a0\u00a0\u00a0\u00a0\u00a0 408\u00a0\u00a0\u00a0\u00a0\u00a0\u00a0\u00a0\u00a0\u00a0\u00a0\u00a0\u00a0\u00a0 1135<\/p> <p>Szabadk\u00e1n\u00a0\u00a0 \u00a0 8\u00a0\u00a0\u00a0\u00a0\u00a0\u00a0\u00a0\u00a0\u00a0\u00a0\u00a0\u00a0\u00a0\u00a0\u00a0 220\u00a0\u00a0\u00a0\u00a0\u00a0\u00a0\u00a0\u00a0\u00a0\u00a0\u00a0\u00a0\u00a0 709\u00a0\u00a0\u00a0\u00a0\u00a0\u00a0\u00a0\u00a0\u00a0\u00a0\u00a0\u00a0\u00a0 4282<\/p> <p><strong>2-a\u00a0\u00a0\u00a0 Caritas-Club<\/strong><\/p> <p>A Caritas-Club az \u00e9v elej\u00e9t\u0151l \u00f6nk\u00e9ntes alapon m\u0171k\u00f6d\u00f6tt, mert nem tal\u00e1ltunk t\u00e1mogat\u00f3t a munkat\u00e1rsak fizet\u00e9s\u00e9re. A k\u00f6zmunk\u00e1k keret\u00e9ben k\u00e9t alkalmazottat vehett\u00fcnk fel junius 1-t\u0151l okt\u00f3ber 31-ig \u00edgy a tev\u00e9kenys\u00e9g szervezettebben folytat\u00f3dott az \u00e9v v\u00e9g\u00e9ig.<\/p> <p>A Caritas-Club rendszeres tev\u00e9kenys\u00e9ge mellett a k\u00f6vetkez\u0151ket szervezt\u00fck m\u00e9g meg a Clubban:<\/p> <p>Az \u00f6nk\u00e9ntesek vezet\u0151je, T\u00fcnde doktorn\u0151 hetenk\u00e9nt v\u00e9rnyom\u00e1s- \u00e9s cukorszintm\u00e9r\u00e9st v\u00e9gzett \u00e9s orvosi tan\u00e1csokkal l\u00e1tta el a klubtagokat.<\/p> <p><strong>Az id\u0151sek vil\u00e1gnapj\u00e1ra<\/strong> szervezett m\u0171sor keret\u00e9ben a Djuro Salaj iskola tanul\u00f3i \u00e9nekeltek, szavaltak \u00e9s t\u00e1ncoltak az id\u0151sek \u00f6r\u00f6m\u00e9re, valamint a Caritas-Club \u00e9nekkara szerepelt. A v\u00e9g\u00e9n szer\u00e9ny agap\u00e9val z\u00e1rult a m\u0171sor.<\/p> <p><strong>A kar\u00e1csonyi m\u0171sor<\/strong> keret\u00e9ben a ludasi iskol\u00e1s \u00e9s \u00f3vod\u00e1s gyermekek, valamint a Ludas Matyi m\u0171vel\u0151d\u00e9si egyes\u00fclet Asszonyk\u00f3rusa \u00e9s t\u00e1nccsoportja l\u00e9ptek fel magyar nyelven. Horv\u00e1tul a s\u00e1ndori hittanosok r\u00f6vid jelenete mutatott r\u00e1, mi is a kar\u00e1csony.<\/p> <p>A szabadkai v\u00e1llalkoz\u00f3k adom\u00e1nyaib\u00f3l k\u00e9sz\u00edtett <strong>kar\u00e1csonyi-\u00faj\u00e9vi csomagokat<\/strong> a t\u00e9lap\u00f3 osztotta sz\u00e9t 70 gyermeknek. Ezt a v\u00e1ros vezet\u0151s\u00e9ge szervezte meg a Caritas-Clubban.<\/p> <p>A helyi k\u00f6z\u00f6ss\u00e9g nyugd\u00edjasai \u00e9s a N\u0151i F\u00f3rum havonta b\u00e1lokat szerveztek az id\u0151sek r\u00e9sz\u00e9re.<\/p> <p>K\u00e9thetente szervezt\u00fcnk utaz\u00e1st a kanizsai vagy junakovici gy\u00f3gyf\u00fcrd\u0151be.<\/p> <p>Dr. Magyar L\u00f3r\u00e1nt ment\u00e1lhigi\u00e9n\u00e9s szakorvos hetenk\u00e9nt tartott csoportos foglalkoz\u00e1sokat \u00e9s egy\u00e9ni konzult\u00e1ci\u00f3kat. Hasonl\u00f3k\u00e9ppen Kov\u00e1cs G\u00e9za hagioter\u00e1pi\u00e1s tal\u00e1lkoz\u00f3kat szervezett k\u00e9thetenk\u00e9nt.<\/p> <p><strong>2-b\u00a0\u00a0\u00a0 Hajl\u00e9ktalanok ell\u00e1t\u00e1sa<\/strong><\/p> <p>2014 december 31-\u00e9n indult a <strong>hajl\u00e9ktalanok mened\u00e9ke<\/strong> program a Caritas-Clubban \u00e9s 2015 janu\u00e1r 13-ig tartott, majd febru\u00e1r 6-t\u00f3l 18-ig. Ezt Szabadka V\u00e1ros korm\u00e1nyzata p\u00e9nzelte a V\u00f6r\u00f6skereszt szervez\u00e9s\u00e9ben. \u00c1tlagban 16-20 szem\u00e9ly vette ig\u00e9nybe az \u00e9jjeli sz\u00e1ll\u00e1s, a napi h\u00e1rom \u00e9tkez\u00e9s, a f\u00fcrd\u00e9s \u00e9s ruhamos\u00e1s lehet\u0151s\u00e9g\u00e9t \u00e9s az alapvet\u0151 orvosi ell\u00e1t\u00e1st. A Szoci\u00e1lis K\u00f6zpont m\u00e9rte fel \u00e9s d\u00f6nt\u00f6tte el, hogy ki kaphat mened\u00e9ket a Clubban. A Caritas Szabadka \u00f6nk\u00e9ntesei adtak \u00e9jjeli \u00fcgyeletet minden nap.<\/p> <p><strong>3\u00a0 \u00a0\u00a0\u00a0\u00a0\u00a0 Id\u0151sek \u00e9s betegek sz\u00e1ll\u00edt\u00e1sa<\/strong><\/p> <p>Az id\u0151sek \u00e9s betegek sz\u00e1ll\u00edt\u00e1s\u00e1t egy munkat\u00e1rsunk v\u00e9gezte, egy szem\u00e9lyg\u00e9pkocsival, vagy a kombival.\u00a0 Az ambulanci\u00e1ra, rehabilit\u00e1ci\u00f3ra, fogorvoshoz val\u00f3 sz\u00e1ll\u00edt\u00e1sra \u00e9s adminisztr\u00e1ci\u00f3s \u00fcgyek rendez\u00e9s\u00e9re k\u00e9rt\u00e9k ezt a szolg\u00e1latot. A Carita-Clubban szervezett programokra, a betegek mis\u00e9j\u00e9re is sz\u00e1ll\u00edtottuk az id\u0151seket. Hetente10-14 oda-vissza sz\u00e1ll\u00edt\u00e1st teljes\u00edtett\u00fcnk. Ezt a linzi Caritas t\u00e1mogatja.<\/p> <p><strong>4\u00a0 \u00a0\u00a0\u00a0\u00a0\u00a0 Menek\u00fcltek \u00e9s migr\u00e1nsok ell\u00e1t\u00e1sa<\/strong><\/p> <p>Az orsz\u00e1gos projektum keret\u00e9n bel\u00fcl indult a menek\u00fcltek \u00e9s migr\u00e1nsok t\u00e1mogat\u00e1s\u00e1nak programja. Ezt h\u00e1rom adom\u00e1nyoz\u00f3 t\u00e1mogatta:<\/p> <p>Egyr\u00e9szt a CRS &#8211; az Amerikai P\u00fcsp\u00f6kkari Konferencia szeretetszolg\u00e1lata b\u00e9relt egy 80 n\u00e9gyzetm\u00e9ter alapter\u00fclet\u0171 mont\u00e1zs\u00e9p\u00fcletet, melyet a Kanizsai rend\u0151rs\u00e9g udvar\u00e1ban \u00e1ll\u00edtottak fel. Ennek egyik r\u00e9sz\u00e9ben k\u00e9t szob\u00e1ban nyolc \u00e1gy van, h\u00e1rom tusol\u00f3 \u00e9s h\u00e1rom WC mosd\u00f3val, melyben a n\u0151k \u00e9s gyermekek kaphattak elhelyez\u00e9st. A m\u00e1sik r\u00e9sz\u00e9ben hat tusol\u00f3 \u00e9s hat WC mosd\u00f3val, melyet a csal\u00e1d f\u00e9rfi tagjai, vagy m\u00e1s f\u00e9rfiak haszn\u00e1lhattak. A helyis\u00e9gek \u00e9s k\u00f6rnyezet\u00fck tiszt\u00e1ntart\u00e1s\u00e1ra a Caritas Szabadka alkalmazott k\u00e9t kiszolg\u00e1l\u00f3 szem\u00e9lyt a CRS t\u00e1mogat\u00e1s\u00e1val.<\/p> <p>M\u00e1sr\u00e9szt a N\u00e9met Korm\u00e1ny, \u00e9s a Deutscher Caritasverband egy\u00fctt t\u00e1mogatt\u00e1k a menek\u00fcltek \u00e9s migr\u00e1nsok ell\u00e1t\u00e1s\u00e1t Szabadk\u00e1n a t\u00e9glagy\u00e1r ter\u00fclet\u00e9n, Kanizs\u00e1n az ideiglenes befogad\u00f3 k\u00f6zpontban \u00e9s Horgosn\u00e1l a hat\u00e1r\u00e1tkel\u0151 k\u00f6zel\u00e9ben, majd pedig Sidn\u00e9l, ahova h\u00e1romtag\u00fa munkacsoport hetenk\u00e9nt k\u00e9tszer ment az eg\u00e9szs\u00e9g\u00fcgyi ell\u00e1t\u00e1sban seg\u00edteni. A mintegy h\u00e1rom \u00e9s f\u00e9l h\u00f3napos id\u0151szakban 4254 \u00e9lelmiszercsomagot, 310 n\u0151knek k\u00e9sz\u00edtett higi\u00e9niai csomagot \u00e9s 201 gyermekeknek sz\u00e1nt csomagot, valamint 80 es\u0151kab\u00e1tot osztottunk sz\u00e9t.<\/p> <p><strong>5 \u00a0\u00a0\u00a0\u00a0\u00a0\u00a0 Nyelvoktat\u00e1s<\/strong><\/p> <p>Az Emberi Er\u0151forr\u00e1sok Miniszt\u00e9rium\u00e1nak p\u00e1ly\u00e1zat\u00e1n nyert a Caritas Szabadka t\u00e1mogat\u00e1st a szerb \u00e9s az angol nyelv k\u00fcl\u00f6noktat\u00e1s\u00e1ra a szabadkai M\u0171szaki F\u0151iskola di\u00e1kjai sz\u00e1m\u00e1ra. Az oktat\u00e1st a zentai Science doo. val\u00f3s\u00edtotta meg. Az els\u0151 \u00e9vesek k\u00f6z\u00fcl 90 szerb \u00e9s 90 magyar fiatal tanult angolul \u00e9s szerb\u00fcl. A m\u00e1sodikosok k\u00f6z\u00fcl 50 magyar di\u00e1k tanulta a szerb nyelvet heti k\u00e9t \u00f3r\u00e1ban.<\/p> <p><strong>6 \u00a0\u00a0\u00a0\u00a0\u00a0\u00a0 A pl\u00e9b\u00e1niai Caritas-csoportok anim\u00e1l\u00e1sa<\/strong><\/p> <p>A nagyb\u00f6jti id\u0151ben a gyermekek k\u00f6z\u00f6tt, a pl\u00e9b\u00e1nosok \u00e9s hitoktat\u00f3k k\u00f6zrem\u0171k\u00f6d\u00e9s\u00e9vel, gy\u0171jt\u00e9st szervezt\u00fcnk a templomokban az ukrajnai gyermekek jav\u00e1ra. Az 1000 eur\u00f3nyi \u00f6sszeget a G\u00f6r\u00f6gkatolikus Eparh\u00e1tus Caritas-\u00f6nk\u00e9ntesei vitt\u00e9k el a r\u00e1szorul\u00f3knak.<\/p> <p>December 6-\u00e1n val\u00f3sult meg a Caritas-vas\u00e1rnapi gy\u0171jt\u00e9s az egyh\u00e1zmegye templomaiban. Az adom\u00e1nyokat a pl\u00e9b\u00e1niai Caritas-csoportok anim\u00e1l\u00e1s\u00e1ra ford\u00edtjuk.<\/p> <p>December 12-\u00e9n tartottuk meg a Caritas \u00f6nk\u00e9nteseinek \u00e9s munkat\u00e1rsainak \u00e9vi lelkinapj\u00e1t. A 200 r\u00e9sztvev\u0151 fele az egyh\u00e1zmegy\u00e9nkb\u0151l j\u00f6tt.<\/p> <p><strong>7\u00a0\u00a0\u00a0\u00a0\u00a0\u00a0\u00a0 Katasztr\u00f3fa-vesz\u00e9ly cs\u00f6kkent\u00e9se<\/strong><\/p> <p>El\u0151ad\u00e1sokat szervezt\u00fcnk a bajmoki, tavankuti \u00e9s kanizsai \u00e1ltal\u00e1nos iskol\u00e1ban az als\u00f3 \u00e9s fels\u0151 oszt\u00e1lyok sz\u00e1m\u00e1ra. Ezeken az el\u0151ad\u00e1sokon a koroszt\u00e1lynak megfelel\u0151en voltak el\u0151adva a katasztr\u00f3f\u00e1k l\u00e9trej\u00f6tt\u00e9nek jelei, a katasztr\u00f3f\u00e1k megel\u0151z\u00e9s\u00e9nek m\u00f3djai illetve a katasztr\u00f3f\u00e1k alatti helyes magatart\u00e1s. A di\u00e1kok megtanulhatt\u00e1k, hogyan ments\u00e9k a saj\u00e1t \u00e9s a csal\u00e1dok \u00e9let\u00e9t illetve \u00e9rt\u00e9keit. Ugyanennek a projektnek a keret\u00e9ben Kispiacon \u00e9s Tavankuton a helyi lakosokkal egy\u00fctt felm\u00e9rt\u00fck az adott telep\u00fcl\u00e9sek katasztr\u00f3fa-kock\u00e1zat\u00e1t \u00e9s lehet\u0151s\u00e9geinkhez m\u00e9rten seg\u00edtett\u00fcnk ennek a kock\u00e1zatnak a cs\u00f6kkent\u00e9s\u00e9ben. A projektumot az orsz\u00e1gos Caritas t\u00e1mogatta.<\/p> <p><strong>8 \u00a0\u00a0\u00a0\u00a0\u00a0\u00a0 Szeg\u00e9nys\u00e9g elleni k\u00fczdelem<\/strong><\/p> <p>A pl\u00e9b\u00e1niai Caritas-csoportok seg\u00edt\u00e9se volt a c\u00e9l ezzel a projekttel, amely sor\u00e1n 5 akt\u00edv pl\u00e9b\u00e1niai Caritas-csoportnak seg\u00edtett\u00fck a tev\u00e9kenys\u00e9g\u00e9t 500 eur\u00f3nyi t\u00e1mogat\u00e1ssal, p\u00e1ly\u00e1zat keret\u00e9ben. A mikroprojektumok folyam\u00e1n k\u00e9t szem\u00e9ly h\u00e1za lett lakhat\u00f3bb\u00e1 t\u00e9ve, egyik csoport mozg\u00e1ss\u00e9r\u00fclteknek seg\u00e9deszk\u00f6z\u00f6ket v\u00e1s\u00e1rolt, m\u00e1sik csoport saj\u00e1t m\u0171k\u00f6d\u00e9si k\u00f6r\u00fclm\u00e9nyein jav\u00edtott, egy pedig kar\u00e1csonyi aktivit\u00e1sait b\u0151v\u00edtette ki.<\/p> <p>Rendszeresen k\u00f6zvet\u00edtett\u00fcnk b\u00fatort \u00e9s h\u00e1ztart\u00e1si g\u00e9peket az adom\u00e1nyoz\u00f3k \u00e9s a r\u00e1szorul\u00f3k k\u00f6z\u00f6tt, megszervezve a sz\u00e1ll\u00edt\u00e1st is.<\/p> <p><strong>9 \u00a0\u00a0\u00a0\u00a0\u00a0\u00a0 K\u00f3rh\u00e1zi \u00e1gyak, tol\u00f3kocsik, \u00e9s seg\u00e9deszk\u00f6z\u00f6k k\u00f6lcs\u00f6nz\u00e9se<\/strong><\/p> <p>Az \u00e9v v\u00e9g\u00e9ig b\u00e9rmentesen haszn\u00e1latra adtunk 18 k\u00f3rh\u00e1zi \u00e1gyat, 86 tol\u00f3kocsit, 75 j\u00e1r\u00f3k\u00e1t, 20 botot \u00e9s 5 szobav\u00e9c\u00e9t.<\/p> <p><strong>10 \u00a0\u00a0\u00a0\u00a0 Meghallgat\u00f3 k\u00f6zpont<\/strong><\/p> <p>Minden seg\u00e9lyk\u00e9r\u0151t egy \u00f6nk\u00e9ntes meghallgatott, felvette az adatait, felm\u00e9rte a szoci\u00e1lis helyzet\u00e9t, tan\u00e1csokkal l\u00e1tta el, hogy hogyan val\u00f3s\u00edthatja meg alapvet\u0151 polg\u00e1ri jogait, \u00e9s amennyiben volt, \u00e9lelmiszer csomagot, ruh\u00e1t, l\u00e1bbelit adott neki.<\/p> <p>&nbsp;<\/p> <p><span style=\"font-size: 18pt;\"><strong>T\u00d6RT\u00c9NELMI \u00c1TTEKINT\u00c9S<\/strong><\/span><\/p> <p><b>H\u00c1ZI \u00c1POL\u00c1S \u00c9S KISEG\u00cdT\u00c9S <\/b><\/p> <p>Egyh\u00e1zmegy\u00e9nk h\u00e1zi-\u00e1pol\u00e1si szolg\u00e1lat\u00e1nak b\u00f6lcs\u0151je a m\u00e1sf\u00e9l \u00e9ves pilot-program, melyet a Linzi Caritas t\u00e1mogatott 2001-2002-ben. Ezt k\u00f6vet\u0151en 2003. janu\u00e1r 1-j\u00e9n kezdte meg m\u0171k\u00f6d\u00e9s\u00e9t tizenk\u00e9t munkat\u00e1rssal az orsz\u00e1gos h\u00e1zi-\u00e1pol\u00e1si projektum keretein bel\u00fcl az Eur\u00f3pai Caritas t\u00e1mogat\u00e1s\u00e1val. A szolg\u00e1lat k\u00e9pz\u00e9s\u00e9ben, erre a felel\u0151ss\u00e9gteljes \u00e9s nemes feladatra val\u00f3 felk\u00e9sz\u00edt\u00e9sben, sokat seg\u00edtett a Szabadkai Gerontol\u00f3giai k\u00f6zpont, az orsz\u00e1gos Caritas, az Eur\u00f3pai Caritas, a N\u00e9met Caritas \u00e9s a linzi Caritas. A szolg\u00e1lat vezet\u0151i nagyon sok er\u0151fesz\u00edt\u00e9st fektettek a munk\u00e1jukba, hogy a h\u00e1zi-\u00e1pol\u00e1si szolg\u00e1lat meg\u00e1llja a hely\u00e9t \u00e9s, hogy eleget tegyen a felhaszn\u00e1l\u00f3k, a t\u00e1mogat\u00f3k \u00e9s a szakma elv\u00e1r\u00e1sainak is. 2005-t\u0151l Szabadka v\u00e1ros is t\u00e1mogatja a h\u00e1zi-\u00e1pol\u00e1si szolg\u00e1lat munk\u00e1j\u00e1t. 2007-t\u0151l 2009-ig Eur\u00f3pai uni\u00f3s finansz\u00edroz\u00e1sb\u00f3l m\u0171k\u00f6dt\u00fcnk a N\u00e9met Caritas k\u00f6zbenj\u00e1r\u00e1s\u00e1val. 2010 \u00e9s 2012 k\u00f6z\u00f6tt a szolg\u00e1lat m\u0171k\u00f6d\u00e9s\u00e9t a N\u00e9met Sz\u00f6vets\u00e9gi K\u00f6zt\u00e1rsas\u00e1g BMZ alapja t\u00e1mogatta. Szabadka v\u00e1ros l\u00e1tva a nagy sz\u00fcks\u00e9get a polg\u00e1rok r\u00e9sz\u00e9r\u0151l 2009-ben \u00e9s 2012-ben jelent\u0151sen n\u00f6velte a Caritas t\u00e1mogat\u00e1s\u00e1t, \u00edgy ma a v\u00e1ros nyolc munkat\u00e1rsunk b\u00e9r\u00e9t biztos\u00edtja.<\/p> <p><b>CARITAS CLUB<\/b><\/p> <p>A Caritas Gorizia n\u00e9h\u00e1ny olaszorsz\u00e1gi egyh\u00e1zmegyei Caritas-szal egy\u00fctt 2001-2002-ben seg\u00edtette a szabadkai \u00dajfalui Helyi K\u00f6z\u00f6ss\u00e9g \u00e9p\u00fclet\u00e9nek renov\u00e1l\u00e1s\u00e1t \u00e9s adapt\u00e1l\u00e1s\u00e1t a Caritas Club sz\u00fcks\u00e9gletei szerint. Az adapt\u00e1l\u00e1s 2002 m\u00e1rcius\u00e1ra lett befejezve \u00e9s att\u00f3l kezdve indult a CaritasClub tev\u00e9kenys\u00e9ge. 2003-t\u00f3l az orsz\u00e1gos projektum r\u00e9szek\u00e9nt szervezt\u00fck a munk\u00e1t. A Club szervez\u0151je mellett egy takar\u00edt\u00f3n\u0151-kiszolg\u00e1l\u00f3, f\u00e9l munkaid\u0151ben, sof\u0151r-beszerz\u0151 \u00e9s t\u00f6bb \u00f6nk\u00e9ntes szolg\u00e1lt\u00e1k az id\u0151sek, mag\u00e1nyosak t\u00e1rsadalmi rehabilit\u00e1ci\u00f3j\u00e1t. A klubtagoknak lehet\u0151s\u00e9g\u00fck volt t\u00e1rsalogni, \u00fajs\u00e1got \u00e9s foly\u00f3iratokat olvasni, r\u00e9szt venni a k\u00e9zimunka csoport, a rehabilit\u00e1ci\u00f3s torna, az \u00e9nekkar, a m\u0171v\u00e9szeti stb. csoport munk\u00e1j\u00e1ban. Egy orvos hetente m\u00e9rte a v\u00e9rnyom\u00e1st \u00e9s v\u00e9rcukorszintet, orvosi tan\u00e1csokat adott, lelk\u00e9sz \u00e1llt rendelkez\u00e9s\u00fckre. Az id\u0151s korral kapcsolatos el\u0151ad\u00e1sokat, kir\u00e1ndul\u00e1sokat, b\u00e1lokat szervezt\u00fcnk r\u00e9sz\u00fckre, az \u00fcnnepeket gyermekk\u00f3rusok, betlehemesek stb. el\u0151ad\u00e1saival \u00fcnnepelt\u00fck. A finansz\u00edroz\u00e1st a Caritas Gorizia, az orsz\u00e1gos Id\u0151sgondoz\u00f3 projektum, a Caritas Aosta \u00e9s a Caritas Linz biztos\u00edtotta. 2014-t\u0151l \u00f6nk\u00e9ntes alapon m\u0171k\u00f6dik, mert nem tal\u00e1ltunk t\u00e1mogat\u00f3t munkat\u00e1rsak alkalmaz\u00e1s\u00e1ra. Szabadka V\u00e1ros fedezi a rezsik\u00f6lts\u00e9geket.<\/p> <p><b>AZ ID\u0150SEK SZ\u00c1LL\u00cdT\u00c1SA<\/b><\/p> <p>Az id\u0151sek sz\u00e1ll\u00edt\u00e1s\u00e1t az orvoshoz, k\u00f3rh\u00e1zba, rehabilit\u00e1ci\u00f3ra 2011 szeptember\u00e9ben kezdt\u00fck meg az osztr\u00e1k Caritas Linz t\u00e1mogat\u00e1s\u00e1val. Az \u00e9v v\u00e9g\u00e9ig 368 fuvar lett megval\u00f3s\u00edtva.<\/p> <p><b>F\u00dcGG\u0150S\u00c9GI BETEGS\u00c9GEK ELLENI HARC<\/b><\/p> <p>F\u00fcgg\u0151s\u00e9gi betegs\u00e9gek elleni harc 2011-ben k\u00e9t projektumon kereszt\u00fcl val\u00f3sult meg. Egyik volt az \u201eEls\u0151 l\u00e9p\u00e9s a prevenci\u00f3ban\u201d nev\u0171 tanfolyam, amelyen 135 oszt\u00e1lytan\u00edt\u00f3 vett r\u00e9szt. Ezt a projektet t\u00e1mogatta a Sz\u00fcl\u0151f\u00f6ld alap, Szabadka v\u00e1rosa, Neudorfi pl\u00e9b\u00e1nia \u00e9s maguk az iskol\u00e1k is. M\u00e1sik projektum pedig az \u00e1ltal\u00e1nos iskol\u00e1kban ker\u00fclt megrendez\u00e9sre a Szabadka v\u00e1ros f\u00fcgg\u0151s\u00e9gi betegs\u00e9gek ellen k\u00fczd\u0151 tan\u00e1cs\u00e1nak d\u00f6nt\u00e9s\u00e9vel \u00e9s anyagi t\u00e1mogat\u00e1s\u00e1val \u00f6sszhangban.<\/p> <p><b>FIATALOK T\u00c1MOGAT\u00c1SA<\/b><\/p> <p>A peremre szorult fiatalok r\u00e9sz\u00e9re szervezett sz\u00e1m\u00edt\u00f3g\u00e9pes tanfolyamon 11 fiatal vett r\u00e9szt. Ezt az aktivit\u00e1st, illetve a felszerel\u00e9s egy r\u00e9sz\u00e9nek beszerz\u00e9s\u00e9t a Sz\u00fcl\u0151f\u00f6ld Alap t\u00e1mogatta.<\/p> <p><b>SZEG\u00c9NYEK SEG\u00cdT\u00c9SE<\/b><\/p> <p>Az eg\u00e9sz \u00e9v folyam\u00e1n tartott az \u00e9lelmiszer, ruha, l\u00e1bbeli, b\u00fator \u00e9s t\u0171zhelyek gy\u0171jt\u00e9se \u00e9s adom\u00e1nyoz\u00e1sa. H\u00fasv\u00e9ti \u00e9s Kar\u00e1csonyi gy\u0171jt\u00e9seket szervezt\u00fcnk Szabadk\u00e1n, Zent\u00e1n, \u00d3becs\u00e9n \u00e9s Apatinban. A szabadkai Svetozar Markovi\u0107 gimn\u00e1zium pedig a szeg\u00e9nyek vil\u00e1gnapj\u00e1ra szervezett \u00e9lelmiszergy\u0171jt\u00e9st, amelyet eg\u00e9sz\u00e9ben \u00e1tadtak szervezet\u00fcnknek, hogy kiosszuk a r\u00e1szorultaknak.<\/p> <p><b>\u00c9VFORDUL\u00d3 2012<\/b><\/p> <p>2012. 09. 20-\u00e1n meg\u00fcnnepelt\u00fck m\u0171k\u00f6d\u00e9s\u00fcnk 20. \u00e9s regisztr\u00e1ci\u00f3nk 10. \u00e9vfordul\u00f3j\u00e1t. A d\u00edsz\u00fcl\u00e9st az \u00daj V\u00e1rosh\u00e1za nagyterm\u00e9ben\u00a0kb 110 r\u00e9sztvev\u0151vel tartottuk 12 \u00f3rai kezdettel. Azt k\u00f6vet\u0151en a vend\u00e9geink 14.30-kor eb\u00e9deltek a Szabadkai Gerontol\u00f3giai k\u00f6zpont \u00e9tterm\u00e9ben. Az \u00fcnnepi h\u00e1laad\u00f3 Szentmise a Szent Ter\u00e9z sz\u00e9kesegyh\u00e1zban 18 \u00f3rakor kezd\u0151d\u00f6tt. A koncelebr\u00e1ci\u00f3t Msgr. Stanislav Ho\u010devar belgr\u00e1di \u00e9rsek, a Szerbiai Caritas eln\u00f6ke vezette. Az \u00fcnnepl\u00e9s a 20 \u00f3rakor kezd\u0151d\u0151 egyh\u00e1zzenei koncerttel z\u00e1rult a Szent Ter\u00e9z sz\u00e9kesegyh\u00e1zban.<\/p> <p>Vel\u00fcnk \u00fcnnepeltek:\u00a0A Caritas Europa, Caritas Linz, Caritas Gorizia, Caritas Aosta, Gyulafeh\u00e9rv\u00e1ri Caritas, Caritas Srbije, Caritas <span lang=\"sr-RS\">\u0110akovo, <\/span>P\u00e9csi Caritas, Caritas Hungarica k\u00e9pvisel\u0151i, valamint Msgr. Stanislav Ho\u010devar, a szerbiai Caritas eln\u00f6ke, Msgr. P\u00e9nzes J\u00e1nos p\u00fcsp\u00f6k, Pre\u010d. Varga Vladislav, a szerbiai Caritas igazgat\u00f3ja \u00e9s a polg\u00e1ri \u00e9s politikai \u00e9let k\u00e9pvisel\u0151i:<\/p> <p><b>IPA PROJEKTUM 2013\/14 <\/b><\/p> <p>2013. m\u00e1rcius 1-\u00e9n indult a hat\u00e1ron \u00e1tny\u00fal\u00f3 IPA projektumunk a szegedi Talentum alap\u00edtv\u00e1ny t\u00e1rsak\u00e9nt, Together is better \u2013 Egy\u00fctt k\u00f6nnyebb elnevez\u00e9ssel, melynek keret\u00e9ben er\u0151s\u00edteni akartuk a for-profit \u00e9s non-profit szektor egy\u00fcttm\u0171k\u00f6d\u00e9s\u00e9t \u00e9s a v\u00e1llalkoz\u00f3k t\u00e1rsadalmi felel\u0151ss\u00e9g\u00e9t. Az els\u0151 nagy konferenci\u00e1t 2013. 09. 27-28-\u00e1n Szegeden tartottuk 60 f\u0151 r\u00e9szv\u00e9tel\u00e9vel. A z\u00e1r\u00f3-konferenci\u00e1t 2014. febru\u00e1r 13-14-\u00e9n Szabadk\u00e1n 100 f\u0151 egy\u00fcttm\u0171k\u00f6d\u00e9s\u00e9vel.<\/p> <p>A k\u00e9t konferencia k\u00f6z\u00f6tt t\u00f6bb tal\u00e1lkoz\u00f3t szervezt\u00fcnk a NGO-k \u00e9s a v\u00e1llalkoz\u00f3k r\u00e9sz\u00e9re, hogy megismerhess\u00e9k egym\u00e1s tev\u00e9kenys\u00e9g\u00e9t \u00e9s terveiket, valamint lehet\u0151s\u00e9get adjunk nekik az egy\u00fcttm\u0171k\u00f6d\u00e9sre. 3 hat\u00e1ron bel\u00fcli \u00e9s 3 hat\u00e1ron \u00e1tny\u00fal\u00f3 egy\u00fcttm\u0171k\u00f6d\u00e9si projektumot meg is val\u00f3s\u00edtottak.<\/p> <p><b>Phiwa c\u00e9g B\u00e1cska Alap\u00edtv\u00e1nya<\/b> 2006, 2007 \u00e9s 2008-ban kar\u00e1csonyi csomagokat import\u00e1lt N\u00e9metorsz\u00e1gb\u00f3l, melyeket az ottani gyermekek adom\u00e1nyoztak az itteni gyermekeknek (18000, 15700 \u00e9s 14000). 2009-ben 10 paletta gyermekruh\u00e1t adom\u00e1nyozott, 2010-ben feln\u0151tteknek val\u00f3 \u00faj ruh\u00e1kat, 2012-ben 6000 belf\u00f6ld\u00f6n v\u00e1s\u00e1rolt csomagot, 2013-ban 2500 kar\u00e1csonyi csomagot aj\u00e1nd\u00e9kozott, amit r\u00e9szben a Caritas osztott sz\u00e9t 30 pl\u00e9b\u00e1niai karit\u00e1szcsoport k\u00f6zrem\u0171k\u00f6d\u00e9s\u00e9vel, nagyobb r\u00e9sz\u00e9t pedig t\u00f6bb telep\u00fcl\u00e9s int\u00e9zm\u00e9nyei tov\u00e1bb\u00edtott\u00e1k a gyermekeknek.<\/p> <p>A n\u00e9metorsz\u00e1gi <b>Csilla von Boeselager Stiftung<\/b>-nak k\u00f6sz\u00f6nhetj\u00fck az igazgat\u00f3 irod\u00e1j\u00e1nak, a Jozefinum vend\u00e9gszob\u00e1j\u00e1nak \u00e9s t\u00f6bb pl\u00e9b\u00e1niai Caritas irod\u00e1j\u00e1nak b\u00fatorzat\u00e1t.<\/p> <h3>Related Images:<\/h3>","protected":false},"excerpt":{"rendered":"<p>Besz\u00e1mol\u00f3 a Caritas Szabadka tev\u00e9kenys\u00e9g\u00e9r\u0151l 2015-ben. 2015-ben a Caritas Szabadka a k\u00f6vetkez\u0151 ter\u00fcleteken tev\u00e9kenykedett: Id\u0151sek ell\u00e1t\u00e1sa, Szabadk\u00e1n, Kanizs\u00e1n, Kishegyesen \u00e9s Zent\u00e1n Caritas-Club tev\u00e9kenys\u00e9ge \u2013 Hajl\u00e9ktalanok ell\u00e1t\u00e1sa Id\u0151sek \u00e9s betegek sz\u00e1ll\u00edt\u00e1sa Menek\u00fcltek \u00e9s migr\u00e1nsok ell\u00e1t\u00e1sa Nyelvoktat\u00e1s? Pl\u00e9b\u00e1niai Caritas-csoportok anim\u00e1l\u00e1sa Katasztr\u00f3fa-vesz\u00e9ly cs\u00f6kkent\u00e9se Szeg\u00e9nys\u00e9gelleni k\u00fczdelem K\u00f3rh\u00e1zi \u00e1gyak, tol\u00f3kocsik, \u00e9s m\u00e1s seg\u00e9deszk\u00f6z\u00f6k k\u00f6lcs\u00f6nz\u00e9se Meghallgat\u00f3 k\u00f6zpont 1 \u00a0\u00a0\u00a0\u00a0\u00a0\u00a0 Id\u0151sek ell\u00e1t\u00e1sa [&hellip;]<\/p>\n","protected":false},"author":1,"featured_media":0,"parent":93,"menu_order":0,"comment_status":"closed","ping_status":"closed","template":"","meta":{"ngg_post_thumbnail":0,"footnotes":""},"class_list":["post-98","page","type-page","status-publish","hentry"],"_links":{"self":[{"href":"https:\/\/www.caritas-su.org.rs\/index.php?rest_route=\/wp\/v2\/pages\/98","targetHints":{"allow":["GET"]}}],"collection":[{"href":"https:\/\/www.caritas-su.org.rs\/index.php?rest_route=\/wp\/v2\/pages"}],"about":[{"href":"https:\/\/www.caritas-su.org.rs\/index.php?rest_route=\/wp\/v2\/types\/page"}],"author":[{"embeddable":true,"href":"https:\/\/www.caritas-su.org.rs\/index.php?rest_route=\/wp\/v2\/users\/1"}],"replies":[{"embeddable":true,"href":"https:\/\/www.caritas-su.org.rs\/index.php?rest_route=%2Fwp%2Fv2%2Fcomments&post=98"}],"version-history":[{"count":8,"href":"https:\/\/www.caritas-su.org.rs\/index.php?rest_route=\/wp\/v2\/pages\/98\/revisions"}],"predecessor-version":[{"id":922,"href":"https:\/\/www.caritas-su.org.rs\/index.php?rest_route=\/wp\/v2\/pages\/98\/revisions\/922"}],"up":[{"embeddable":true,"href":"https:\/\/www.caritas-su.org.rs\/index.php?rest_route=\/wp\/v2\/pages\/93"}],"wp:attachment":[{"href":"https:\/\/www.caritas-su.org.rs\/index.php?rest_route=%2Fwp%2Fv2%2Fmedia&parent=98"}],"curies":[{"name":"wp","href":"https:\/\/api.w.org\/{rel}","templated":true}]}}