{"id":90,"date":"2013-12-22T13:30:03","date_gmt":"2013-04-29T21:31:10","guid":{"rendered":"http:\/\/www.caritas-su.org.rs\/?page_id=90"},"modified":"2016-05-31T09:03:40","modified_gmt":"2016-05-31T07:03:40","slug":"prisutnost","status":"publish","type":"page","link":"https:\/\/www.caritas-su.org.rs\/?page_id=90","title":{"rendered":"Prisutnost"},"content":{"rendered":"<p><strong>Izvje\u0161taj o radu Caritasa Subotica u 2015. godini<\/strong><\/p> <ol start=\"2015\"> <li>godine je Caritas Subotica bila aktivna na slijede\u0107im poljima:<\/li> <\/ol> <ul> <li>Briga za stare u Subotici, Kanji\u017ei, Malom I\u0111o\u0161u i Senti<\/li> <li>Caritas-Club \u2013 briga za besku\u0107nike<\/li> <li>Prijevoz starih i bolesnih<\/li> <li>Pomaganje izbjeglica i migranata<\/li> <li>Kursevi engleskog i srpskog jezika<\/li> <li>Animacija \u017eupskih Caritas-grupa<\/li> <li>Za\u0161tita \u017eivotne sredine<\/li> <li>Borba protiv siroma\u0161tva<\/li> <li>Iznajmljivanje pomagala<\/li> <li>Centar za slu\u0161anje<\/li> <\/ul> <p><strong>1 Briga za stare u Subotici, Kanji\u017ei, Malom I\u0111o\u0161u i Senti<\/strong><\/p> <p>Centar Slu\u017ebe pomo\u0107i u ku\u0107i sa bazi\u010dnom njegom je u Subotici. Slu\u017ebu organiziramo jo\u0161 u Kanji\u017ei, Malom I\u0111o\u0161u i u Senti. Slu\u017ebu finansira Grad Subotica i op\u0107inske samouprave.<\/p> <p>Mjese\u010dno se ostvare slijede\u0107e aktivnosti:<\/p> <p>Havonta a k\u00f6vetkez\u0151 adatok t\u00fckr\u00f6zik a tev\u00e9kenys\u00e9get:<\/p> <p>Zaposlen\u00a0\u00a0\u00a0\u00a0\u00a0 korisnik\u00a0\u00a0\u00a0\u00a0\u00a0\u00a0\u00a0\u00a0 posjeta\u00a0\u00a0\u00a0\u00a0\u00a0\u00a0\u00a0\u00a0 usluga<\/p> <p>Kanji\u017ea\u00a0\u00a0\u00a0\u00a0\u00a0\u00a0\u00a0\u00a0 10\u00a0\u00a0\u00a0\u00a0\u00a0\u00a0\u00a0\u00a0\u00a0\u00a0\u00a0\u00a0\u00a0\u00a0\u00a0 177\u00a0\u00a0\u00a0\u00a0\u00a0\u00a0\u00a0\u00a0\u00a0\u00a0\u00a0\u00a0\u00a0 885\u00a0\u00a0\u00a0\u00a0\u00a0\u00a0\u00a0\u00a0\u00a0\u00a0\u00a0\u00a0\u00a0 4680<\/p> <p>Mali I\u0111o\u0161\u00a0\u00a0\u00a0\u00a0\u00a0 \u00a0 3\u00a0\u00a0\u00a0\u00a0\u00a0\u00a0\u00a0\u00a0\u00a0\u00a0\u00a0\u00a0\u00a0\u00a0\u00a0 \u00a0 60\u00a0\u00a0\u00a0\u00a0\u00a0\u00a0\u00a0\u00a0\u00a0\u00a0\u00a0\u00a0\u00a0 313\u00a0\u00a0\u00a0\u00a0\u00a0\u00a0\u00a0\u00a0\u00a0\u00a0\u00a0\u00a0\u00a0 \u00a0 973<\/p> <p>Senta \u00a0\u00a0\u00a0\u00a0\u00a0\u00a0\u00a0\u00a0\u00a0 \u00a0 4\u00a0\u00a0\u00a0\u00a0\u00a0\u00a0\u00a0\u00a0\u00a0\u00a0\u00a0\u00a0\u00a0\u00a0\u00a0 \u00a0 76\u00a0\u00a0\u00a0\u00a0\u00a0\u00a0\u00a0\u00a0\u00a0\u00a0\u00a0\u00a0\u00a0 408\u00a0\u00a0\u00a0\u00a0\u00a0\u00a0\u00a0\u00a0\u00a0\u00a0\u00a0\u00a0\u00a0 1135<\/p> <p>Subotica\u00a0\u00a0\u00a0\u00a0\u00a0\u00a0 \u00a0 8\u00a0\u00a0\u00a0\u00a0\u00a0\u00a0\u00a0\u00a0\u00a0\u00a0\u00a0\u00a0\u00a0\u00a0\u00a0 220\u00a0\u00a0\u00a0\u00a0\u00a0\u00a0\u00a0\u00a0\u00a0\u00a0\u00a0\u00a0\u00a0 709\u00a0\u00a0\u00a0\u00a0\u00a0\u00a0\u00a0\u00a0\u00a0\u00a0\u00a0\u00a0\u00a0 4282<\/p> <p><strong>2 Caritas-Club<\/strong><\/p> <p>Od po\u010detka godine je djelatnost Caritas-Cluba organizirana na volonterskoj bazi, jer nismo na\u0161li donatora za zaposlene. Na teret javnih radova smo mogli od 1. juna do 31. oktobra zaposliti dvije suradnice, te je rad do kraja godine bio organiziraniji.<\/p> <p>Uz redoviti program Caritas-Cluba organizirali smo slijede\u0107e:<\/p> <p>Animator volontera, doktorica B\u00f6rcs\u00f6k T\u00fcnde je tjedno mjerila pritisak krvi i \u0161e\u0107er u krvi, davala je lije\u010dni\u010dke savjete za zdraviji \u017eivot.<\/p> <p>Za Svjetski dan starih smo organizirali program, na kojem su djeca iz \u0161kole \u0110uro Salaj pjevala, plesala i recitirala na radost starih. Nastupio je i kor Caritas-Cluba. Na kraju smo sve po\u010dastili skromnim agapeom .<\/p> <p><strong>U sklopu bo\u017ei\u0107nog programa <\/strong>su djeca i Kor \u017eena te plesni ansamg Kud-a Ludas Matyi sa \u0160upljaka izveli splet bo\u017ei\u0107nih i narodnih igara. Na hrvatskom jeziku su vjerou\u010denici \u017eupe iz Aleksandrova u kratkom skazanju odgovorili na pitanje: \u0161to je Bo\u017ei\u0107?<\/p> <p><strong>Donacijama preduzenika iz Subotice<\/strong> je stvoreno 700 bo\u017ei\u0107nih-novogodi\u0161njih paketi\u0107a, od kojih je 70 podijeljeno u Caritas-Clubu siroma\u0161nijoj djeci. Ovo je organizirao Grad Subotica.<\/p> <p>Penzioneri mjesne zajednice Novo Selo i Forum \u017eena mjese\u010dno organiziraju balove za \u010dlanove kluba i pozvane.<\/p> <p>Dvotjedno organiziramo putovanje u banju Junakovi\u0107i i u Kanji\u017eu.<\/p> <p>Dr. L\u00f3r\u00e1nt Magyar stru\u010dnjak mentalne higijene tjedno je organizirao grupne seanse i osobno savjetovanje. G\u00e9za Kov\u00e1cs je tjedno organizirao hagioterapijske susrete u Caritas-Clubu.<\/p> <ol start=\"31\"> <li>decembra 2014. godine je otvoren cijelodnevni boravak za besku\u0107nike u Caritas-Clubu. Trajao je do 13. januara, te od 6. do 18 februara 2015. Ovaj projekat finansira Grad Subotica, organizator je Crveni krst. U prosjeku je mogu\u0107nost preno\u0107enja, dnevno tri obroka, kupanja, pranja ve\u0161a i osnovne lje\u010dni\u010dke pomo\u0107i koristilo 16-20 ljudi. Volonteri Caritasa Subotica su davali no\u0107no de\u017eurstvo.<\/li> <\/ol> <p><strong>3\u00a0 Prijevoz bolesnika i starih<\/strong><\/p> <p>Prijevoz bolesnika i starih vr\u0161i suradnik Caritasa sa kolima ili kombijem, ve\u0107 prema potrebi. Ova slu\u017eba je na raspolaganju za odlazak u ambulante, specijalisti\u010dke preglede, rehabilitaciju te sre\u0111ivanje administrativnih poslova. Prevozimo stare i bolesni i na programe Caritas-Cluba i misu bolesnika. Tjedno se ostvari 10-14 obostranih prijevoza. Ovu slu\u017ebu donira Caritas Linz.<\/p> <p><strong>4\u00a0 Briga za izbjeglice i migrante<\/strong><\/p> <p>U sklopu nacionalnog projekta je sredinom augusta pokrenuta slu\u017eba pomo\u0107i izbjeglicama i migrantima, koju finansiraju tri donatora:<\/p> <p>CRS \u2013 humanitarna organizacija biskupskih konferencija Amerike je iznajmila kontejner za stanovanje koji je postavljen u dvori\u0161tu policije u Kanji\u017ei za smje\u0161taj \u017eena i djece. U dvije sobe ima 8 kreveta, tri tu\u0161a i tri WC-a sa umivaonikom. U posebnom dijelu, sa drugim ulazom ima \u00a04 tu\u0161eva i 4 WC-a sa umivaonikom za mu\u0161ke \u010dlanove obitelji izbjeglica. Donacijom CRS-a je Caritas Subotica zaposlila dvije osobe za dr\u017eanje higijene prostorija i \u010disto\u0107u okoline.<\/p> <p>Njema\u010dka vlada i Deutscher Caritasverband finansiraju pomaganje izbjeglicama i migrantima u ciglani kod Subotice, u privremenom prihvatnom centru u Kanji\u017ei, na lokaciji blizu grani\u010dnog prijelaza kod Horgo\u0161a, te kod \u0160ida, gdje radna grupa od troje ljudi tjedno dva puta tjedno dravstvenu slu\u017ebu.<\/p> <p>U vremenu od tri i po mjeseca smo podijelili 4254 paketa hrane, 310 higijenskih paketa za \u017eene i 201 paket za djecu, te 80 ki\u0161nih kabanica.<\/p> <p><strong>5 Kursevi jezika<\/strong><\/p> <p>Ministarstvo ljudskih resursa Ma\u0111arske je podr\u017ealo projekat Caritasa Subotica za dodatno u\u010denje srpskog i engleskog jezika na Vi\u0161oj tehni\u010dkoj \u0161koli u Subotici. Obukuk izvodi doo. Science iz Sente. U prvoj godini je bilo po 90 studenata za srpski i engleski jezik, a 50 drugo\u0161kolaca za srpski jezik, tjedno dva sata.<\/p> <p><strong>6 Animiranje \u017eupskih Caritas-grupa<\/strong><\/p> <p>Caritas Italije je posredstvom Nacionalnog Caritasa ponudio Caritas-grupama \u017eupa da ostvare miniprojekat u vrijednosti od 500 Eura. Iz na\u0161e biskupije je 5 \u017eupa dobilo na tom konkursu.<\/p> <p>U korizmenom vremenu smo uz suradnju \u017eupnika i vjerou\u010ditelja organizirali sakupljanje za djecu u Ukrajini. Vrijednost od oko 1000 Eura su volonteri Grkokatoli\u010dkog egzarhata proslijedili potrebnima.<\/p> <p>U nedjelju Caritasa, 6. decembra je organizirano sakupljanje u crkvama \u0161irom biskupije. Sakupljeno \u0107e se potro\u0161iti za animiranje \u017eupnih Caritas-grupa.<\/p> <p>U Novom Sadu je 12. decembra odr\u017ean duhovni susret volontera i suradnika Caritas iz \u010ditave zemlje. Polovica od 200 sudionika bilo je iz na\u0161e biskupije .<\/p> <p><strong>7 Iznajmljivanje pomagala<\/strong><\/p> <p>Do kraja godine smo besplatno dali na upotrebu 18 kreveta, 86 bolesni\u010dkih kolica, 75 hodalica, 20 \u0161taka i 5 sobnih WC-a.<\/p> <p><strong>8 Centar za slu\u0161anje<\/strong><\/p> <p>Svakoga, koji nam se obrati za pomo\u0107, jedan od volontera saslu\u0161a, uzme osnovne podatke, ispita socijalno stanje te osobe, daje savjete, kako \u0107e mo\u0107i ostvarivati svoja socijalna prava, i ako imamo na lageru daje paket hrane, odjecu i obu\u0107u.<\/p> <p>Redovito posredujemo izme\u0111u darovatelja i primalaca namje\u0161taja i ku\u0107anskih aparata organizacijom prijevoza.<\/p> <h3>Related Images:<\/h3>","protected":false},"excerpt":{"rendered":"<p>Izvje\u0161taj o radu Caritasa Subotica u 2015. godini godine je Caritas Subotica bila aktivna na slijede\u0107im poljima: Briga za stare u Subotici, Kanji\u017ei, Malom I\u0111o\u0161u i Senti Caritas-Club \u2013 briga za besku\u0107nike Prijevoz starih i bolesnih Pomaganje izbjeglica i migranata Kursevi engleskog i srpskog jezika Animacija \u017eupskih Caritas-grupa Za\u0161tita \u017eivotne sredine Borba protiv siroma\u0161tva Iznajmljivanje [&hellip;]<\/p>\n","protected":false},"author":1,"featured_media":0,"parent":65,"menu_order":0,"comment_status":"closed","ping_status":"open","template":"","meta":{"ngg_post_thumbnail":0,"footnotes":""},"class_list":["post-90","page","type-page","status-publish","hentry"],"_links":{"self":[{"href":"https:\/\/www.caritas-su.org.rs\/index.php?rest_route=\/wp\/v2\/pages\/90","targetHints":{"allow":["GET"]}}],"collection":[{"href":"https:\/\/www.caritas-su.org.rs\/index.php?rest_route=\/wp\/v2\/pages"}],"about":[{"href":"https:\/\/www.caritas-su.org.rs\/index.php?rest_route=\/wp\/v2\/types\/page"}],"author":[{"embeddable":true,"href":"https:\/\/www.caritas-su.org.rs\/index.php?rest_route=\/wp\/v2\/users\/1"}],"replies":[{"embeddable":true,"href":"https:\/\/www.caritas-su.org.rs\/index.php?rest_route=%2Fwp%2Fv2%2Fcomments&post=90"}],"version-history":[{"count":1,"href":"https:\/\/www.caritas-su.org.rs\/index.php?rest_route=\/wp\/v2\/pages\/90\/revisions"}],"predecessor-version":[{"id":954,"href":"https:\/\/www.caritas-su.org.rs\/index.php?rest_route=\/wp\/v2\/pages\/90\/revisions\/954"}],"up":[{"embeddable":true,"href":"https:\/\/www.caritas-su.org.rs\/index.php?rest_route=\/wp\/v2\/pages\/65"}],"wp:attachment":[{"href":"https:\/\/www.caritas-su.org.rs\/index.php?rest_route=%2Fwp%2Fv2%2Fmedia&parent=90"}],"curies":[{"name":"wp","href":"https:\/\/api.w.org\/{rel}","templated":true}]}}