{"id":137,"date":"2013-04-29T23:59:26","date_gmt":"2013-04-29T21:58:56","guid":{"rendered":"http:\/\/www.caritas-su.org.rs\/?page_id=137"},"modified":"2015-05-28T12:07:50","modified_gmt":"2015-05-28T10:07:50","slug":"novi-sad","status":"publish","type":"page","link":"https:\/\/www.caritas-su.org.rs\/?page_id=137","title":{"rendered":"Novi Sad"},"content":{"rendered":"<p style=\"text-align: justify;\"><span style=\"font-size: 12pt; font-family: 'trebuchet ms', geneva, sans-serif;\">Caritas dekanata Novi Sad je od 2000. godine aktivan na humanitarnom i socijalnom polju. Ostvaruje razli\u010dite projekte:<\/span><\/p> <ol style=\"text-align: justify;\"> <li><span style=\"font-size: 12pt; font-family: 'trebuchet ms', geneva, sans-serif;\">Pomo\u0107 u ku\u0107i sa bazi\u010dnom njegom<\/span><\/li> <li><span style=\"font-size: 12pt; font-family: 'trebuchet ms', geneva, sans-serif;\">Dnevni centar za stare<\/span><\/li> <li><span style=\"font-size: 12pt; font-family: 'trebuchet ms', geneva, sans-serif;\">Montesori de\u010dija ku\u0107a<\/span><\/li> <li><span style=\"font-size: 12pt; font-family: 'trebuchet ms', geneva, sans-serif;\">Dnevni centar za osobe sa psihi\u010dkim smetnjama<\/span><\/li> <li><span style=\"font-size: 12pt; font-family: 'trebuchet ms', geneva, sans-serif;\">Infocentar &#8211; centar za brigu o starima &#8211; ustanovljen i podr\u017eavan od gradske uprave.<\/span><\/li> <\/ol> <p style=\"text-align: justify;\"><span style=\"text-decoration: underline; font-size: 14pt;\"><strong><span style=\"font-family: 'trebuchet ms', geneva, sans-serif;\">POMO\u0106 U KU\u0106I SA BAZI\u010cNOM NJEGOM<\/span><\/strong><\/span><\/p> <p style=\"text-align: justify;\"><span style=\"font-size: 12pt; font-family: 'trebuchet ms', geneva, sans-serif;\">Projekat Pomo\u0107 u ku\u0107i i bazi\u010dne njege je Caritas dekanata Novi Sad izgradio uz finansijsku podr\u0161ku CORDAID-a iz Holandije- Cordaid je 2001. i 2002. godine finansirao pokretanje te slu\u017ebe kao pilot projekta, koji je 2003. godine u\u0161ao u sklop nacionalnog projekta sa 12 suradnika na terenu. Od 2006. godine Caritas Europa finansira rad 8 suradnika na terenu, a od 2010. do 31. 03. 2011. godine posredstvom Deutscher Caritasverbanda finansirao je 6 suradnika na terenu Ministarstvo za suradnju i razvoj Njema\u010dke (BMZ), i tri su zaposlene na teret donacija.<\/span><\/p> <p style=\"text-align: justify;\"><span style=\"font-size: 12pt; font-family: 'trebuchet ms', geneva, sans-serif;\">Povla\u010denjem donacije sa strane BMZ-a je 31. 03. 2011. godine ta slu\u017eba zvani\u010dno prestala sa radom, te smo raskinuli ugovore sa korisnicima.<\/span><\/p> <p style=\"text-align: justify;\"><span style=\"font-size: 12pt; font-family: 'trebuchet ms', geneva, sans-serif;\">Ta slu\u017eba dalje djeluje uz gradsko finansiranje preko Info-centra sa jednom zaposlenom.<\/span><\/p> <p style=\"text-align: justify;\"><span style=\"font-size: 12pt; font-family: 'trebuchet ms', geneva, sans-serif;\">2011. godine smo organizirali tri seminara za zaposlene:<\/span><\/p> <p style=\"text-align: justify;\"><span style=\"font-size: 12pt; font-family: 'trebuchet ms', geneva, sans-serif;\">O Alzheimerovoj bolesti dva seminara;<\/span><\/p> <p style=\"text-align: justify;\"><span style=\"font-size: 12pt; font-family: 'trebuchet ms', geneva, sans-serif;\">Demencija &#8211; bolest koja je teret za obitelj;<\/span><\/p> <p style=\"text-align: justify;\"><span style=\"font-size: 12pt; font-family: 'trebuchet ms', geneva, sans-serif;\">Alzheimerova boldest &#8211; dijagnoza i terapija.<\/span><\/p> <p style=\"text-align: justify;\"><span style=\"font-size: 12pt; font-family: 'trebuchet ms', geneva, sans-serif;\">Dvije radionice su organizirane:<\/span><\/p> <p style=\"text-align: justify;\"><span style=\"font-size: 12pt; font-family: 'trebuchet ms', geneva, sans-serif;\">Izazovi rada sa korisnicima i komunikacija sa starim licima.<\/span><\/p> <p style=\"text-align: justify;\"><span style=\"font-size: 12pt; font-family: 'trebuchet ms', geneva, sans-serif;\">U sklopu Info-centra tri teme su obra\u0111ene:<\/span><\/p> <p style=\"text-align: justify;\"><span style=\"font-size: 12pt; font-family: 'trebuchet ms', geneva, sans-serif;\">Prepoznavanje urgentnih situacija;<\/span><\/p> <p style=\"text-align: justify;\"><span style=\"font-size: 12pt; font-family: 'trebuchet ms', geneva, sans-serif;\">Nasilje kao pojava modernog doba i palijativna briga.<\/span><\/p> <p style=\"text-align: justify;\"><span style=\"font-size: 12pt; font-family: 'trebuchet ms', geneva, sans-serif;\">Na akreditiranom seminaru &#8220;Pomo\u0107 u ku\u0107i sa elementima bazi\u010dne nege&#8221; su sudjelovale dvije gerontodoma\u0107ice i uspje\u0161no polo\u017eile ispit.<\/span><\/p> <p style=\"text-align: justify;\"><span style=\"text-decoration: underline; font-size: 14pt;\"><strong><span style=\"font-family: 'trebuchet ms', geneva, sans-serif;\">DNEVNI CENTAR ZA STARE<\/span><\/strong><\/span><\/p> <p style=\"text-align: justify;\"><span style=\"font-size: 12pt; font-family: 'trebuchet ms', geneva, sans-serif;\">Dnevni centar za stare za uz finansiranje Cordaida je zapo\u010deo rad 2002. godine a 2003. je u\u0161ao u sklop nacionalnog projekta. Od 2012. godine je Gradska uprava za socijalnu i de\u010diju za\u0161titu po\u010deo sufinansiranje dnevnog centra. U centru rade: doma\u0107ica centra i kuharica, sa pola radnog vremena voza\u010d logisti\u010dar, koordinator i administrator.\u00a0<\/span><\/p> <p style=\"text-align: justify;\"><span style=\"font-size: 12pt; font-family: 'trebuchet ms', geneva, sans-serif;\">U dnevnom centru tjedno opslu\u017eujemo 42 korisnika. Imaju mogu\u0107nost kupanja, pranja rublja, mjerenja pritiska krvi i \u0161e\u0107era, kori\u0161\u0107enja usluge pedikira. Poma\u017ee im se u pribavljanju lijekova. Dnevno se organizira radionica za ja\u010danje me\u0111uljudskih odnosa, za posvje\u0161\u0107ivanje osje\u0107aja i vladanje njima i razgovor o duhovnim temama.<\/span><\/p> <p style=\"text-align: justify;\"><span style=\"text-decoration: underline; font-size: 14pt;\"><strong><span style=\"font-family: 'trebuchet ms', geneva, sans-serif;\">MONTESORI DE\u010cIJA KU\u0106A<\/span><\/strong><\/span><\/p> <p style=\"text-align: justify;\"><span style=\"font-size: 12pt; font-family: 'trebuchet ms', geneva, sans-serif;\">Montesori de\u010dija ku\u0107a je otvorena septembra 2009. godine. Gradska uprava za socijalnu i de\u010diju za\u0161titu je finansirao djelatnost de\u010dije ku\u0107e od aprila 2011. do kraja 2012. godine, a u 2013. godini je bilo finansija za pola godine. U dnevni centar u prosjeku doli 16 djece, ve\u0107inom romske nacionalnosti. Djelatnost ostvaruje 5 zaposlenih: dvije odgojiteljice, psiholog, poslu\u017eiteljica-\u010dista\u010dica i logisti\u010dar. Od 2014. godine do danas rad ku\u0107e miruje.<\/span><\/p> <p style=\"text-align: justify;\"><span style=\"font-size: 12pt; font-family: 'trebuchet ms', geneva, sans-serif;\">Rad se idvuha po montesori programu: Upoznavanje okoline, kozmi\u010dke teme, osnove matematike, razvoj govora, grafomotorika, rad i igra sa montesori predmetima, muzi\u010dke i slikarske radionice. Radi se na razvijanju samosvijesti i samovrednovanju djece. Novost je u zadnjoj godini fiskultura, koju vodi volonter, profesor fiskulture.<\/span><\/p> <p style=\"text-align: justify;\"><span style=\"font-size: 12pt; font-family: 'trebuchet ms', geneva, sans-serif;\">Na djeci je vidljivo ja\u010danje me\u0111uljudskih odnosa, spremnost na po\u0161tivanje propisa, napreduju u svladavanju srpskog jezika, prihva\u0107anju radnih i higijenskih navika te budi se zdrava samosvijest.<\/span><\/p> <p style=\"text-align: justify;\"><span style=\"text-decoration: underline; font-size: 14pt;\"><strong><span style=\"font-family: 'trebuchet ms', geneva, sans-serif;\">DNEVNI CENTAR ZA MENTALNO ZDRAVLJE<\/span><\/strong><\/span><\/p> <p style=\"text-align: justify;\"><span style=\"font-size: 12pt; font-family: 'trebuchet ms', geneva, sans-serif;\">U poslijepodnevnim satima, poslije zavr\u0161etka rada dnevnog centra za stare u istim prostorijama se od 2009. godine organizirao rad Dnevnog centra za mentalno zdravlje.\u00a0 Diplomirani psiholog, zajedno sa psihologom animatorom, uz asistenciju doma\u0107ice dnevnog centra je vodio rad.<\/span><\/p> <p style=\"text-align: justify;\"><span style=\"font-size: 12pt; font-family: 'trebuchet ms', geneva, sans-serif;\">Stru\u010dni konzultant je bio doktor psihologije Boris Golubovi\u0107 iz psihijatrijskog instituta &#8220;Klini\u010dki centar Vojvodina&#8221;.<\/span><\/p> <p style=\"text-align: justify;\"><span style=\"font-size: 12pt; font-family: 'trebuchet ms', geneva, sans-serif;\">2012. godine je ostvarena suradnja sa \u0161kolom Milan Petrovi\u0107 gdje su korisnici bili na radionicama za pojedina zanimanja. Projekat je finansiran sa strane Autonomne pokrajine Vojvodina u sklopu javnih radova i mikroprojekta talijanskog Caritasa.<\/span><\/p> <p style=\"text-align: justify;\"><span style=\"font-size: 12pt; font-family: 'trebuchet ms', geneva, sans-serif;\">Od 2013. godine Centar za mentalno zdravlje radi na volonterskoj osnovi zbog nedostatka finansiranja. Korisnici se mjese\u010dno sastaju uz vodstvo psihologa volontera.<\/span><\/p> <p style=\"text-align: justify;\"><span style=\"text-decoration: underline;\"><strong><span style=\"font-size: 14pt; font-family: 'trebuchet ms', geneva, sans-serif;\">INFO-CENTAR &#8211; CENTAR ZA BRIGU O STARIMA<\/span><\/strong><\/span><\/p> <p style=\"text-align: justify;\"><span style=\"font-size: 12pt; font-family: 'trebuchet ms', geneva, sans-serif;\">Ovaj centar je 2009. godine osnovan uz podr\u0161ku Gradske uprave, i ima kancelariju u prostorijama Crvenog krsta. Zadatak mu je da koordinira brigu za stare, da prima telefonske pozive i zahtjeve, procjenjuje situaciju, te ljude upu\u0107uje na udru\u017eenja gra\u0111ana, koja su uklju\u010dena u rad centra. ECHO, Crveni krst, Caritas, NSHC. Vodi bazu podataka o pozivima i korisnicima. Organizira seminare i radionice za \u010dlanove u suradnji sa Slu\u017ebom za ku\u0107no le\u010denje.<\/span><\/p> <p style=\"text-align: justify;\"><span style=\"font-size: 12pt; font-family: 'trebuchet ms', geneva, sans-serif;\">Preko InfoCentra Gradska uprava do danas finansira rad jedne terenske suradnice kod Caritasa.<\/span><\/p> <h3>Related Images:<\/h3>","protected":false},"excerpt":{"rendered":"<p>Caritas dekanata Novi Sad je od 2000. godine aktivan na humanitarnom i socijalnom polju. Ostvaruje razli\u010dite projekte: Pomo\u0107 u ku\u0107i sa bazi\u010dnom njegom Dnevni centar za stare Montesori de\u010dija ku\u0107a Dnevni centar za osobe sa psihi\u010dkim smetnjama Infocentar &#8211; centar za brigu o starima &#8211; ustanovljen i podr\u017eavan od gradske uprave. POMO\u0106 U KU\u0106I SA [&hellip;]<\/p>\n","protected":false},"author":1,"featured_media":0,"parent":96,"menu_order":0,"comment_status":"closed","ping_status":"closed","template":"","meta":{"ngg_post_thumbnail":0,"footnotes":""},"class_list":["post-137","page","type-page","status-publish","hentry"],"_links":{"self":[{"href":"https:\/\/www.caritas-su.org.rs\/index.php?rest_route=\/wp\/v2\/pages\/137","targetHints":{"allow":["GET"]}}],"collection":[{"href":"https:\/\/www.caritas-su.org.rs\/index.php?rest_route=\/wp\/v2\/pages"}],"about":[{"href":"https:\/\/www.caritas-su.org.rs\/index.php?rest_route=\/wp\/v2\/types\/page"}],"author":[{"embeddable":true,"href":"https:\/\/www.caritas-su.org.rs\/index.php?rest_route=\/wp\/v2\/users\/1"}],"replies":[{"embeddable":true,"href":"https:\/\/www.caritas-su.org.rs\/index.php?rest_route=%2Fwp%2Fv2%2Fcomments&post=137"}],"version-history":[{"count":2,"href":"https:\/\/www.caritas-su.org.rs\/index.php?rest_route=\/wp\/v2\/pages\/137\/revisions"}],"predecessor-version":[{"id":552,"href":"https:\/\/www.caritas-su.org.rs\/index.php?rest_route=\/wp\/v2\/pages\/137\/revisions\/552"}],"up":[{"embeddable":true,"href":"https:\/\/www.caritas-su.org.rs\/index.php?rest_route=\/wp\/v2\/pages\/96"}],"wp:attachment":[{"href":"https:\/\/www.caritas-su.org.rs\/index.php?rest_route=%2Fwp%2Fv2%2Fmedia&parent=137"}],"curies":[{"name":"wp","href":"https:\/\/api.w.org\/{rel}","templated":true}]}}