{"id":133,"date":"2013-04-30T00:25:20","date_gmt":"2013-04-29T21:57:22","guid":{"rendered":"http:\/\/www.caritas-su.org.rs\/?page_id=133"},"modified":"2015-05-28T11:50:07","modified_gmt":"2015-05-28T09:50:07","slug":"becej","status":"publish","type":"page","link":"http:\/\/www.caritas-su.org.rs\/?page_id=133","title":{"rendered":"Be\u010dej"},"content":{"rendered":"<p style=\"text-align: justify;\"><span style=\"font-family: 'trebuchet ms', geneva, sans-serif; font-size: 12pt;\">Istv\u00e1n Gertner, Organist von Be\u010dej, verf\u00fcgte in seinem Testament \u00fcber sein Elternhaus zugunsten der Caritas Subotica, unter der Bedingung, dass es irgendeine Art von sozialen Aktivit\u00e4ten in dem Haus organisiert wird. Nach Ber\u00fccksichtigung der Verhandlungen mit dem \u00f6rtlichen Pfarrern, und der Entwicklungsstrategie des Sozialamtes, fiel die Entscheidung: Caritas er\u00f6ffnet eine Tagespflege f\u00fcr die geistig und \/ oder k\u00f6rperlich behinderten Jugend.<\/span><\/p> <p style=\"text-align: justify;\"><span style=\"font-family: 'trebuchet ms', geneva, sans-serif; font-size: 12pt;\">Aus der Caritas Donationen von Aosta wurde im Jahren 2008 und 2009 das Haus an die neue Funktion angepasst. Wir haben Rampen f\u00fcr Rollst\u00fchle, \u00a0einen gro\u00dfen Gemeinschaftsraum, das B\u00fcro, die K\u00fcche, die Toiletten und Duschen, die auch f\u00fcr Behinderte brauchbar sind und Werkst\u00e4tte zustande gebracht. Das Haus bekam neue Wasser- und Stromleitung,<\/span><\/p> <p style=\"text-align: justify;\"><span style=\"font-family: 'trebuchet ms', geneva, sans-serif; font-size: 12pt;\">erhielt Gaszentralheizung, und das Dach wurde komplett renoviert.<\/span><\/p> <p style=\"text-align: justify;\"><span style=\"font-family: 'trebuchet ms', geneva, sans-serif; font-size: 12pt;\">Die Stiftung Csilla von Boeselager spendete, M\u00f6bel und n\u00f6tige Ausr\u00fcstung f\u00fcr das Haus. Subotica stellte ein Auto f\u00fcr die Benutzer des Tagesheimes zur Verf\u00fcgung.<\/span><\/p> <p style=\"text-align: justify;\"><span style=\"font-family: 'trebuchet ms', geneva, sans-serif; font-size: 12pt;\">An der Besprechung mit den Pfarrern aus Becse wurde entschieden, dass Hl. Rochus der Namensgeber und der Heilige des Tagesheimes sein wird.<\/span><br \/> <span style=\"font-family: 'trebuchet ms', geneva, sans-serif; font-size: 12pt;\"> Das Invalidentagesheim Hl. Rochus begann seine T\u00e4tigkeit am 10. Oktober 2009 an dem Welttag der geistigen Gesundheit. In dem Tagesheim sind t\u00e4glich 2-3 Caritas Mitarbeiter t\u00e4tig, die 15-20 Bed\u00fcrftige besorgen. die Selbstverwaltung \u00fcbernahm die Kosten der Aufrechterhaltung und die Caritas Aosta sicherte die L\u00f6hne der Mitarbeiter bis 2012. Im Jahr 2013 arbeiteten im Heim nur Freiwillige, da wir keine Sponsoren, um die Mitarbeiter zu bezahlen, finden konnten.<\/span><\/p> <p style=\"text-align: justify;\"><span style=\"font-family: 'trebuchet ms', geneva, sans-serif; font-size: 12pt;\">Die Bef\u00f6rderung der \u00e4lteren Menschen zum Arzt, ins Krankenhaus, zur Rehabilitation begannen wir im September 2011, dank der Unterst\u00fctzung der \u00f6sterreichischen Caritas Linz. Bis Ende des Jahres wurde 368 Frachten realisiert.<\/span><\/p> <h3>Related Images:<\/h3>","protected":false},"excerpt":{"rendered":"<p>Istv\u00e1n Gertner, Organist von Be\u010dej, verf\u00fcgte in seinem Testament \u00fcber sein Elternhaus zugunsten der Caritas Subotica, unter der Bedingung, dass es irgendeine Art von sozialen Aktivit\u00e4ten in dem Haus organisiert wird. Nach Ber\u00fccksichtigung der Verhandlungen mit dem \u00f6rtlichen Pfarrern, und der Entwicklungsstrategie des Sozialamtes, fiel die Entscheidung: Caritas er\u00f6ffnet eine Tagespflege f\u00fcr die geistig und [&hellip;]<\/p>\n","protected":false},"author":1,"featured_media":0,"parent":95,"menu_order":0,"comment_status":"closed","ping_status":"closed","template":"","meta":{"ngg_post_thumbnail":0,"footnotes":""},"class_list":["post-133","page","type-page","status-publish","hentry"],"_links":{"self":[{"href":"http:\/\/www.caritas-su.org.rs\/index.php?rest_route=\/wp\/v2\/pages\/133","targetHints":{"allow":["GET"]}}],"collection":[{"href":"http:\/\/www.caritas-su.org.rs\/index.php?rest_route=\/wp\/v2\/pages"}],"about":[{"href":"http:\/\/www.caritas-su.org.rs\/index.php?rest_route=\/wp\/v2\/types\/page"}],"author":[{"embeddable":true,"href":"http:\/\/www.caritas-su.org.rs\/index.php?rest_route=\/wp\/v2\/users\/1"}],"replies":[{"embeddable":true,"href":"http:\/\/www.caritas-su.org.rs\/index.php?rest_route=%2Fwp%2Fv2%2Fcomments&post=133"}],"version-history":[{"count":1,"href":"http:\/\/www.caritas-su.org.rs\/index.php?rest_route=\/wp\/v2\/pages\/133\/revisions"}],"predecessor-version":[{"id":542,"href":"http:\/\/www.caritas-su.org.rs\/index.php?rest_route=\/wp\/v2\/pages\/133\/revisions\/542"}],"up":[{"embeddable":true,"href":"http:\/\/www.caritas-su.org.rs\/index.php?rest_route=\/wp\/v2\/pages\/95"}],"wp:attachment":[{"href":"http:\/\/www.caritas-su.org.rs\/index.php?rest_route=%2Fwp%2Fv2%2Fmedia&parent=133"}],"curies":[{"name":"wp","href":"https:\/\/api.w.org\/{rel}","templated":true}]}}